{"id":3936,"date":"2024-01-11T16:30:35","date_gmt":"2024-01-11T16:30:35","guid":{"rendered":"https:\/\/stepahead.pt\/?page_id=3936"},"modified":"2025-06-12T11:27:42","modified_gmt":"2025-06-12T11:27:42","slug":"responsabilidade-ambiental-e-social","status":"publish","type":"page","link":"https:\/\/stepahead.pt\/en\/quem-somos\/responsabilidade-ambiental-e-social\/","title":{"rendered":"Environmental and social responsibility"},"content":{"rendered":"<div data-elementor-type=\"wp-page\" data-elementor-id=\"3936\" class=\"elementor elementor-3936\" data-elementor-post-type=\"page\">\n\t\t\t\t<div class=\"elementor-element elementor-element-f8f7a0a e-con-full e-flex e-con e-parent\" data-id=\"f8f7a0a\" data-element_type=\"container\" data-e-type=\"container\">\n\t\t\t\t<div class=\"elementor-element elementor-element-9e82c44 elementor-widget elementor-widget-template\" data-id=\"9e82c44\" data-element_type=\"widget\" data-e-type=\"widget\" data-widget_type=\"template.default\">\n\t\t\t\t<div class=\"elementor-widget-container\">\n\t\t\t\t\t\t\t<div class=\"elementor-template\">\n\t\t\t\t\t<div data-elementor-type=\"container\" data-elementor-id=\"19586\" class=\"elementor elementor-19586\" data-elementor-post-type=\"elementor_library\">\n\t\t\t\t<div class=\"elementor-element elementor-element-2322798f e-flex e-con-boxed e-con e-parent\" data-id=\"2322798f\" data-element_type=\"container\" data-e-type=\"container\" data-settings=\"{&quot;background_background&quot;:&quot;classic&quot;}\">\n\t\t\t\t\t<div class=\"e-con-inner\">\n\t\t\t\t<div class=\"elementor-element elementor-element-77772716 elementor-widget elementor-widget-heading\" data-id=\"77772716\" data-element_type=\"widget\" data-e-type=\"widget\" data-widget_type=\"heading.default\">\n\t\t\t\t<div class=\"elementor-widget-container\">\n\t\t\t\t\t<h1 class=\"elementor-heading-title elementor-size-default\">Environmental and social responsibility<\/h1>\t\t\t\t<\/div>\n\t\t\t\t<\/div>\n\t\t\t\t<div class=\"elementor-element elementor-element-7cc2deb elementor-widget elementor-widget-text-editor\" data-id=\"7cc2deb\" data-element_type=\"widget\" data-e-type=\"widget\" data-widget_type=\"text-editor.default\">\n\t\t\t\t<div class=\"elementor-widget-container\">\n\t\t\t\t\t\t\t\t\tStep Ahead Consulting, S. A.\t\t\t\t\t\t\t\t<\/div>\n\t\t\t\t<\/div>\n\t\t\t\t\t<\/div>\n\t\t\t\t<\/div>\n\t\t\t\t<\/div>\n\t\t\t\t<\/div>\n\t\t\t\t\t\t<\/div>\n\t\t\t\t<\/div>\n\t\t\t\t<\/div>\n\t\t<div class=\"elementor-element elementor-element-af3141c e-grid e-con-boxed e-con e-parent\" data-id=\"af3141c\" data-element_type=\"container\" data-e-type=\"container\" data-settings=\"{&quot;background_background&quot;:&quot;classic&quot;}\">\n\t\t\t\t\t<div class=\"e-con-inner\">\n\t\t\t\t<div class=\"elementor-element elementor-element-7cf2289 elementor-widget elementor-widget-spacer\" data-id=\"7cf2289\" data-element_type=\"widget\" data-e-type=\"widget\" data-widget_type=\"spacer.default\">\n\t\t\t\t<div class=\"elementor-widget-container\">\n\t\t\t\t\t\t\t<div class=\"elementor-spacer\">\n\t\t\t<div class=\"elementor-spacer-inner\"><\/div>\n\t\t<\/div>\n\t\t\t\t\t\t<\/div>\n\t\t\t\t<\/div>\n\t\t\t\t<div class=\"elementor-element elementor-element-e19e73b elementor-widget elementor-widget-text-editor\" data-id=\"e19e73b\" data-element_type=\"widget\" data-e-type=\"widget\" data-widget_type=\"text-editor.default\">\n\t\t\t\t<div class=\"elementor-widget-container\">\n\t\t\t\t\t\t\t\t\t<p class=\" translation-block\">We believe that technology is a strong ally of ecology, forming the basis for a more sustainable future.<br>It is vital to preserve and protect our planet and we are aware that our actions already impact present and future generations.<br>Aware that we cannot stop acting, we have incorporated ecological responsibility into the core of our strategy.<\/p><p>We don't just reduce our environmental impact. We collaborate with our partners, customers and suppliers to encourage green practices throughout the value chain. We are aware that by prioritizing suppliers who share our commitment to sustainability, we build an ecosystem that promotes responsible technological development.<\/p>\t\t\t\t\t\t\t\t<\/div>\n\t\t\t\t<\/div>\n\t\t\t\t<div class=\"elementor-element elementor-element-fedf353 elementor-widget elementor-widget-spacer\" data-id=\"fedf353\" data-element_type=\"widget\" data-e-type=\"widget\" data-widget_type=\"spacer.default\">\n\t\t\t\t<div class=\"elementor-widget-container\">\n\t\t\t\t\t\t\t<div class=\"elementor-spacer\">\n\t\t\t<div class=\"elementor-spacer-inner\"><\/div>\n\t\t<\/div>\n\t\t\t\t\t\t<\/div>\n\t\t\t\t<\/div>\n\t\t\t\t\t<\/div>\n\t\t\t\t<\/div>\n\t\t<div class=\"elementor-element elementor-element-7b4e087 e-grid e-con-boxed e-con e-parent\" data-id=\"7b4e087\" data-element_type=\"container\" data-e-type=\"container\" data-settings=\"{&quot;background_background&quot;:&quot;classic&quot;}\">\n\t\t\t\t\t<div class=\"e-con-inner\">\n\t\t\t\t<div class=\"elementor-element elementor-element-28b8310 bar-title elementor-widget elementor-widget-heading\" data-id=\"28b8310\" data-element_type=\"widget\" data-e-type=\"widget\" data-widget_type=\"heading.default\">\n\t\t\t\t<div class=\"elementor-widget-container\">\n\t\t\t\t\t<h2 class=\"elementor-heading-title elementor-size-default\">Sustainable environmental actions<\/h2>\t\t\t\t<\/div>\n\t\t\t\t<\/div>\n\t\t<div class=\"elementor-element elementor-element-f76e1f1 e-con-full e-flex e-con e-child\" data-id=\"f76e1f1\" data-element_type=\"container\" data-e-type=\"container\" data-settings=\"{&quot;background_background&quot;:&quot;classic&quot;}\">\n\t\t\t\t<div class=\"elementor-element elementor-element-76c8e4e elementor-widget elementor-widget-heading\" data-id=\"76c8e4e\" data-element_type=\"widget\" data-e-type=\"widget\" data-widget_type=\"heading.default\">\n\t\t\t\t<div class=\"elementor-widget-container\">\n\t\t\t\t\t<span class=\"elementor-heading-title elementor-size-default\">Recycling<\/span>\t\t\t\t<\/div>\n\t\t\t\t<\/div>\n\t\t\t\t<div class=\"elementor-element elementor-element-f535767 elementor-widget elementor-widget-text-editor\" data-id=\"f535767\" data-element_type=\"widget\" data-e-type=\"widget\" data-widget_type=\"text-editor.default\">\n\t\t\t\t<div class=\"elementor-widget-container\">\n\t\t\t\t\t\t\t\t\t<p><span class=\"ui-provider a b c d e f g h i j k l m n o p q r s t u v w x y z ab ac ae af ag ah ai aj ak\" dir=\"ltr\">Recycling and reuse of equipment, components, plastic, paper and glass.<\/span><\/p>\t\t\t\t\t\t\t\t<\/div>\n\t\t\t\t<\/div>\n\t\t\t\t<\/div>\n\t\t<div class=\"elementor-element elementor-element-bd2238e e-con-full e-flex e-con e-child\" data-id=\"bd2238e\" data-element_type=\"container\" data-e-type=\"container\" data-settings=\"{&quot;background_background&quot;:&quot;classic&quot;}\">\n\t\t\t\t<div class=\"elementor-element elementor-element-9e9a9db elementor-widget elementor-widget-heading\" data-id=\"9e9a9db\" data-element_type=\"widget\" data-e-type=\"widget\" data-widget_type=\"heading.default\">\n\t\t\t\t<div class=\"elementor-widget-container\">\n\t\t\t\t\t<p class=\"elementor-heading-title elementor-size-default\">Reforestation in Alentejo<\/p>\t\t\t\t<\/div>\n\t\t\t\t<\/div>\n\t\t\t\t<div class=\"elementor-element elementor-element-30a8262 elementor-widget elementor-widget-text-editor\" data-id=\"30a8262\" data-element_type=\"widget\" data-e-type=\"widget\" data-widget_type=\"text-editor.default\">\n\t\t\t\t<div class=\"elementor-widget-container\">\n\t\t\t\t\t\t\t\t\t<p>Every year we plant several trees in the Alentejo, contributing to a greener planet.<\/p>\t\t\t\t\t\t\t\t<\/div>\n\t\t\t\t<\/div>\n\t\t\t\t<\/div>\n\t\t<div class=\"elementor-element elementor-element-69019c3 e-con-full e-flex e-con e-child\" data-id=\"69019c3\" data-element_type=\"container\" data-e-type=\"container\" data-settings=\"{&quot;background_background&quot;:&quot;classic&quot;}\">\n\t\t\t\t<div class=\"elementor-element elementor-element-88959cf elementor-widget elementor-widget-heading\" data-id=\"88959cf\" data-element_type=\"widget\" data-e-type=\"widget\" data-widget_type=\"heading.default\">\n\t\t\t\t<div class=\"elementor-widget-container\">\n\t\t\t\t\t<p class=\"elementor-heading-title elementor-size-default\">Energy Efficiency<\/p>\t\t\t\t<\/div>\n\t\t\t\t<\/div>\n\t\t\t\t<div class=\"elementor-element elementor-element-ed53681 elementor-widget elementor-widget-text-editor\" data-id=\"ed53681\" data-element_type=\"widget\" data-e-type=\"widget\" data-widget_type=\"text-editor.default\">\n\t\t\t\t<div class=\"elementor-widget-container\">\n\t\t\t\t\t\t\t\t\t<p><span class=\"ui-provider a b c d e f g h i j k l m n o p q r s t u v w x y z ab ac ae af ag ah ai aj ak\" dir=\"ltr\">Implemented at headquarters, offices and data centers to reduce energy consumption and emissions.<\/span><\/p>\t\t\t\t\t\t\t\t<\/div>\n\t\t\t\t<\/div>\n\t\t\t\t<\/div>\n\t\t<div class=\"elementor-element elementor-element-4286a4d e-con-full e-flex e-con e-child\" data-id=\"4286a4d\" data-element_type=\"container\" data-e-type=\"container\" data-settings=\"{&quot;background_background&quot;:&quot;classic&quot;}\">\n\t\t\t\t<div class=\"elementor-element elementor-element-0289230 elementor-widget elementor-widget-heading\" data-id=\"0289230\" data-element_type=\"widget\" data-e-type=\"widget\" data-widget_type=\"heading.default\">\n\t\t\t\t<div class=\"elementor-widget-container\">\n\t\t\t\t\t<p class=\"elementor-heading-title elementor-size-default\">Carbon Footprint Online<\/p>\t\t\t\t<\/div>\n\t\t\t\t<\/div>\n\t\t\t\t<div class=\"elementor-element elementor-element-e8d7a95 elementor-widget elementor-widget-text-editor\" data-id=\"e8d7a95\" data-element_type=\"widget\" data-e-type=\"widget\" data-widget_type=\"text-editor.default\">\n\t\t\t\t<div class=\"elementor-widget-container\">\n\t\t\t\t\t\t\t\t\t<p>According to the Website Carbon Calculator, an average of 1.76g of CO2 is produced for every page visited. That's why we've turned off autoplay on most videos on this site and limited the insertion of PDFs in order to reduce our ecological footprint.<\/p>\t\t\t\t\t\t\t\t<\/div>\n\t\t\t\t<\/div>\n\t\t\t\t<\/div>\n\t\t<div class=\"elementor-element elementor-element-9131e33 e-con-full e-flex e-con e-child\" data-id=\"9131e33\" data-element_type=\"container\" data-e-type=\"container\" data-settings=\"{&quot;background_background&quot;:&quot;classic&quot;}\">\n\t\t\t\t<div class=\"elementor-element elementor-element-7bb8fa1 elementor-widget elementor-widget-heading\" data-id=\"7bb8fa1\" data-element_type=\"widget\" data-e-type=\"widget\" data-widget_type=\"heading.default\">\n\t\t\t\t<div class=\"elementor-widget-container\">\n\t\t\t\t\t<p class=\"elementor-heading-title elementor-size-default\">Minimalist design<\/p>\t\t\t\t<\/div>\n\t\t\t\t<\/div>\n\t\t\t\t<div class=\"elementor-element elementor-element-366943b elementor-widget elementor-widget-text-editor\" data-id=\"366943b\" data-element_type=\"widget\" data-e-type=\"widget\" data-widget_type=\"text-editor.default\">\n\t\t\t\t<div class=\"elementor-widget-container\">\n\t\t\t\t\t\t\t\t\t<p>This website is minimalist in terms of the code and plugins installed, with the aim of reducing data transfer and minimizing energy consumption.<\/p>\t\t\t\t\t\t\t\t<\/div>\n\t\t\t\t<\/div>\n\t\t\t\t<\/div>\n\t\t\t\t\t<\/div>\n\t\t\t\t<\/div>\n\t\t<div class=\"elementor-element elementor-element-485ec01 e-grid e-con-boxed e-con e-parent\" data-id=\"485ec01\" data-element_type=\"container\" data-e-type=\"container\" data-settings=\"{&quot;background_background&quot;:&quot;classic&quot;}\">\n\t\t\t\t\t<div class=\"e-con-inner\">\n\t\t\t\t<div class=\"elementor-element elementor-element-ce20594 elementor-position-top elementor-widget elementor-widget-image-box\" data-id=\"ce20594\" data-element_type=\"widget\" data-e-type=\"widget\" data-widget_type=\"image-box.default\">\n\t\t\t\t<div class=\"elementor-widget-container\">\n\t\t\t\t\t<div class=\"elementor-image-box-wrapper\"><figure class=\"elementor-image-box-img\"><img fetchpriority=\"high\" decoding=\"async\" width=\"512\" height=\"512\" src=\"https:\/\/stepahead.pt\/wp-content\/uploads\/2024\/02\/icone-eco.png\" class=\"attachment-full size-full wp-image-6014\" alt=\"\u00cdcone de uma l\u00e2mpada com uma folha dentro\" srcset=\"https:\/\/stepahead.pt\/wp-content\/uploads\/2024\/02\/icone-eco.png 512w, https:\/\/stepahead.pt\/wp-content\/uploads\/2024\/02\/icone-eco-300x300.png 300w, https:\/\/stepahead.pt\/wp-content\/uploads\/2024\/02\/icone-eco-150x150.png 150w, https:\/\/stepahead.pt\/wp-content\/uploads\/2024\/02\/icone-eco-12x12.png 12w\" sizes=\"(max-width: 512px) 100vw, 512px\" \/><\/figure><div class=\"elementor-image-box-content\"><p class=\"elementor-image-box-description\">We recognize the role of technological innovation in promoting ecological responsibility. We invest in research and development to create solutions that are already helping other industries to reduce their environmental impact. We are using all of our technological expertise to develop software that optimizes our clients' operations, such as Document and Process Management solutions, which greatly mitigate the ecological footprint by reducing paper and toners for printing, the energy consumed and reducing dependence on copying and printing machines and the necessary electricity.<\/p><\/div><\/div>\t\t\t\t<\/div>\n\t\t\t\t<\/div>\n\t\t\t\t<div class=\"elementor-element elementor-element-57dc784 elementor-hidden-tablet elementor-hidden-mobile elementor-widget elementor-widget-spacer\" data-id=\"57dc784\" data-element_type=\"widget\" data-e-type=\"widget\" data-widget_type=\"spacer.default\">\n\t\t\t\t<div class=\"elementor-widget-container\">\n\t\t\t\t\t\t\t<div class=\"elementor-spacer\">\n\t\t\t<div class=\"elementor-spacer-inner\"><\/div>\n\t\t<\/div>\n\t\t\t\t\t\t<\/div>\n\t\t\t\t<\/div>\n\t\t\t\t<div class=\"elementor-element elementor-element-f8890f6 elementor-position-top elementor-widget elementor-widget-image-box\" data-id=\"f8890f6\" data-element_type=\"widget\" data-e-type=\"widget\" data-widget_type=\"image-box.default\">\n\t\t\t\t<div class=\"elementor-widget-container\">\n\t\t\t\t\t<div class=\"elementor-image-box-wrapper\"><figure class=\"elementor-image-box-img\"><img decoding=\"async\" width=\"512\" height=\"512\" src=\"https:\/\/stepahead.pt\/wp-content\/uploads\/2024\/02\/icone-mente-sustentavel.png\" class=\"attachment-full size-full wp-image-6015\" alt=\"\u00cdcone de uma cabe\u00e7a com uma folha saindo do topo\" srcset=\"https:\/\/stepahead.pt\/wp-content\/uploads\/2024\/02\/icone-mente-sustentavel.png 512w, https:\/\/stepahead.pt\/wp-content\/uploads\/2024\/02\/icone-mente-sustentavel-300x300.png 300w, https:\/\/stepahead.pt\/wp-content\/uploads\/2024\/02\/icone-mente-sustentavel-150x150.png 150w, https:\/\/stepahead.pt\/wp-content\/uploads\/2024\/02\/icone-mente-sustentavel-12x12.png 12w\" sizes=\"(max-width: 512px) 100vw, 512px\" \/><\/figure><div class=\"elementor-image-box-content\"><p class=\"elementor-image-box-description translation-block\">But our commitment doesn't stop there. We are dedicated to educating and empowering our people to act as agents of change. Through internal awareness programs, we enable our employees to integrate ecological responsibility into their daily lives, both at work and outside of work.<\/p><\/div><\/div>\t\t\t\t<\/div>\n\t\t\t\t<\/div>\n\t\t\t\t<div class=\"elementor-element elementor-element-8739602 elementor-hidden-tablet elementor-hidden-mobile elementor-widget elementor-widget-spacer\" data-id=\"8739602\" data-element_type=\"widget\" data-e-type=\"widget\" data-widget_type=\"spacer.default\">\n\t\t\t\t<div class=\"elementor-widget-container\">\n\t\t\t\t\t\t\t<div class=\"elementor-spacer\">\n\t\t\t<div class=\"elementor-spacer-inner\"><\/div>\n\t\t<\/div>\n\t\t\t\t\t\t<\/div>\n\t\t\t\t<\/div>\n\t\t\t\t<div class=\"elementor-element elementor-element-1ddce35 elementor-position-top elementor-widget elementor-widget-image-box\" data-id=\"1ddce35\" data-element_type=\"widget\" data-e-type=\"widget\" data-widget_type=\"image-box.default\">\n\t\t\t\t<div class=\"elementor-widget-container\">\n\t\t\t\t\t<div class=\"elementor-image-box-wrapper\"><figure class=\"elementor-image-box-img\"><img decoding=\"async\" width=\"512\" height=\"512\" src=\"https:\/\/stepahead.pt\/wp-content\/uploads\/2024\/02\/icone-tecnologia-verde.png\" class=\"attachment-full size-full wp-image-6016\" alt=\"\u00cdcone de um chip eletr\u00f4nico com uma folha no centro\" srcset=\"https:\/\/stepahead.pt\/wp-content\/uploads\/2024\/02\/icone-tecnologia-verde.png 512w, https:\/\/stepahead.pt\/wp-content\/uploads\/2024\/02\/icone-tecnologia-verde-300x300.png 300w, https:\/\/stepahead.pt\/wp-content\/uploads\/2024\/02\/icone-tecnologia-verde-150x150.png 150w, https:\/\/stepahead.pt\/wp-content\/uploads\/2024\/02\/icone-tecnologia-verde-12x12.png 12w\" sizes=\"(max-width: 512px) 100vw, 512px\" \/><\/figure><div class=\"elementor-image-box-content\"><p class=\"elementor-image-box-description\">Acreditamos que a tecnologia \u00e9 uma ferramenta poderosa para impulsionar mudan\u00e7as positivas.\nA nossa vis\u00e3o \u00e9 de um futuro onde as empresas de tecnologia sejam catalisadoras de um planeta mais saud\u00e1vel e equilibrado.\nConscientes que este movimento tem de ser coletivo, em que a soma das a\u00e7\u00f5es de todos equivale a um planeta mais sustent\u00e1vel, em que cada um tem uma voz que pode influenciar comportamentos protetores do nosso planeta.<\/p><\/div><\/div>\t\t\t\t<\/div>\n\t\t\t\t<\/div>\n\t\t\t\t<div class=\"elementor-element elementor-element-d7b0bec elementor-position-left elementor-position-top elementor-vertical-align-middle elementor-widget elementor-widget-image-box\" data-id=\"d7b0bec\" data-element_type=\"widget\" data-e-type=\"widget\" data-widget_type=\"image-box.default\">\n\t\t\t\t<div class=\"elementor-widget-container\">\n\t\t\t\t\t<div class=\"elementor-image-box-wrapper\"><figure class=\"elementor-image-box-img\"><img loading=\"lazy\" decoding=\"async\" width=\"512\" height=\"512\" src=\"https:\/\/stepahead.pt\/wp-content\/uploads\/2024\/02\/icone-aperto-de-mao.png\" class=\"attachment-full size-full wp-image-6017\" alt=\"\u00cdcone de um aperto de m\u00e3o\" srcset=\"https:\/\/stepahead.pt\/wp-content\/uploads\/2024\/02\/icone-aperto-de-mao.png 512w, https:\/\/stepahead.pt\/wp-content\/uploads\/2024\/02\/icone-aperto-de-mao-300x300.png 300w, https:\/\/stepahead.pt\/wp-content\/uploads\/2024\/02\/icone-aperto-de-mao-150x150.png 150w, https:\/\/stepahead.pt\/wp-content\/uploads\/2024\/02\/icone-aperto-de-mao-12x12.png 12w\" sizes=\"(max-width: 512px) 100vw, 512px\" \/><\/figure><div class=\"elementor-image-box-content\"><p class=\"elementor-image-box-description\">It is for all of these reasons, for everyone on a global scale, that we challenge you to join us on this journey towards a greener and more sustainable tomorrow.<\/p><\/div><\/div>\t\t\t\t<\/div>\n\t\t\t\t<\/div>\n\t\t\t\t\t<\/div>\n\t\t\t\t<\/div>\n\t\t<div class=\"elementor-element elementor-element-a629d07 e-grid e-con-boxed e-con e-parent\" data-id=\"a629d07\" data-element_type=\"container\" data-e-type=\"container\">\n\t\t\t\t\t<div class=\"e-con-inner\">\n\t\t\t\t<div class=\"elementor-element elementor-element-33ae8ea bar-title elementor-widget elementor-widget-heading\" data-id=\"33ae8ea\" data-element_type=\"widget\" data-e-type=\"widget\" data-widget_type=\"heading.default\">\n\t\t\t\t<div class=\"elementor-widget-container\">\n\t\t\t\t\t<h2 class=\"elementor-heading-title elementor-size-default\">Social responsibility<\/h2>\t\t\t\t<\/div>\n\t\t\t\t<\/div>\n\t\t\t\t<div class=\"elementor-element elementor-element-4e701d7 elementor-hidden-tablet elementor-hidden-mobile elementor-widget elementor-widget-spacer\" data-id=\"4e701d7\" data-element_type=\"widget\" data-e-type=\"widget\" data-widget_type=\"spacer.default\">\n\t\t\t\t<div class=\"elementor-widget-container\">\n\t\t\t\t\t\t\t<div class=\"elementor-spacer\">\n\t\t\t<div class=\"elementor-spacer-inner\"><\/div>\n\t\t<\/div>\n\t\t\t\t\t\t<\/div>\n\t\t\t\t<\/div>\n\t\t<div class=\"elementor-element elementor-element-bbb925c e-con-full e-flex e-con e-child\" data-id=\"bbb925c\" data-element_type=\"container\" data-e-type=\"container\">\n\t\t\t\t<div class=\"elementor-element elementor-element-1a9d201 elementor-widget elementor-widget-image\" data-id=\"1a9d201\" data-element_type=\"widget\" data-e-type=\"widget\" data-widget_type=\"image.default\">\n\t\t\t\t<div class=\"elementor-widget-container\">\n\t\t\t\t\t\t\t\t\t\t\t\t\t\t\t<img loading=\"lazy\" decoding=\"async\" width=\"1013\" height=\"438\" src=\"https:\/\/stepahead.pt\/wp-content\/uploads\/2024\/01\/iniciativa-semaforo.jpg\" class=\"attachment-1536x1536 size-1536x1536 wp-image-3938\" alt=\"Imagem com o texto &#039;sem\u00e1foro&#039; e &#039;Claro que \u00e9 poss\u00edvel&#039; em um fundo verde\" srcset=\"https:\/\/stepahead.pt\/wp-content\/uploads\/2024\/01\/iniciativa-semaforo.jpg 1013w, https:\/\/stepahead.pt\/wp-content\/uploads\/2024\/01\/iniciativa-semaforo-300x130.jpg 300w, https:\/\/stepahead.pt\/wp-content\/uploads\/2024\/01\/iniciativa-semaforo-768x332.jpg 768w, https:\/\/stepahead.pt\/wp-content\/uploads\/2024\/01\/iniciativa-semaforo-18x8.jpg 18w\" sizes=\"(max-width: 1013px) 100vw, 1013px\" \/>\t\t\t\t\t\t\t\t\t\t\t\t\t\t\t<\/div>\n\t\t\t\t<\/div>\n\t\t<div class=\"elementor-element elementor-element-f407739 e-con-full e-grid e-con e-child\" data-id=\"f407739\" data-element_type=\"container\" data-e-type=\"container\">\n\t\t<div class=\"elementor-element elementor-element-47518d5 e-con-full e-flex e-con e-child\" data-id=\"47518d5\" data-element_type=\"container\" data-e-type=\"container\">\n\t\t\t\t<div class=\"elementor-element elementor-element-9ce50ce elementor-widget-divider--view-line elementor-widget elementor-widget-divider\" data-id=\"9ce50ce\" data-element_type=\"widget\" data-e-type=\"widget\" data-widget_type=\"divider.default\">\n\t\t\t\t<div class=\"elementor-widget-container\">\n\t\t\t\t\t\t\t<div class=\"elementor-divider\">\n\t\t\t<span class=\"elementor-divider-separator\">\n\t\t\t\t\t\t<\/span>\n\t\t<\/div>\n\t\t\t\t\t\t<\/div>\n\t\t\t\t<\/div>\n\t\t\t\t<div class=\"elementor-element elementor-element-5851ead elementor-widget elementor-widget-heading\" data-id=\"5851ead\" data-element_type=\"widget\" data-e-type=\"widget\" data-widget_type=\"heading.default\">\n\t\t\t\t<div class=\"elementor-widget-container\">\n\t\t\t\t\t<h3 class=\"elementor-heading-title elementor-size-default\">We feel good doing good<\/h3>\t\t\t\t<\/div>\n\t\t\t\t<\/div>\n\t\t\t\t<div class=\"elementor-element elementor-element-334d186 elementor-widget elementor-widget-text-editor\" data-id=\"334d186\" data-element_type=\"widget\" data-e-type=\"widget\" data-widget_type=\"text-editor.default\">\n\t\t\t\t<div class=\"elementor-widget-container\">\n\t\t\t\t\t\t\t\t\t<p>Acreditamos que o sucesso vai al\u00e9m dos resultados financeiros.<\/p>\t\t\t\t\t\t\t\t<\/div>\n\t\t\t\t<\/div>\n\t\t\t\t<\/div>\n\t\t<div class=\"elementor-element elementor-element-5648f47 e-con-full e-flex e-con e-child\" data-id=\"5648f47\" data-element_type=\"container\" data-e-type=\"container\">\n\t\t\t\t<div class=\"elementor-element elementor-element-601bfa0 elementor-widget elementor-widget-text-editor\" data-id=\"601bfa0\" data-element_type=\"widget\" data-e-type=\"widget\" data-widget_type=\"text-editor.default\">\n\t\t\t\t<div class=\"elementor-widget-container\">\n\t\t\t\t\t\t\t\t\t<p>We are sensitive to the needs of each of our people.<\/p><p>We are attentive and always ready to help, and the help is prompt, effective and without hesitation.<\/p><p>It is in this context that we designed the \"Sem\u00e1foro\" initiative, which is part of the path we are taking to obtain the Family Responsible Company Certification.<\/p><p><span class=\"ui-provider a b c d e f g h i j k l m n o p q r s t u v w x y z ab ac ae af ag ah ai aj ak\" dir=\"ltr\">For the time being, this is an internal initiative, aimed at our Stepers, to identify any difficulties they are facing in the various dimensions of their lives, for which we can actively cooperate in mitigating or resolving.<\/span><\/p>\t\t\t\t\t\t\t\t<\/div>\n\t\t\t\t<\/div>\n\t\t\t\t<\/div>\n\t\t\t\t<\/div>\n\t\t\t\t<\/div>\n\t\t\t\t<div class=\"elementor-element elementor-element-c374653 elementor-hidden-tablet elementor-hidden-mobile elementor-widget elementor-widget-spacer\" data-id=\"c374653\" data-element_type=\"widget\" data-e-type=\"widget\" data-widget_type=\"spacer.default\">\n\t\t\t\t<div class=\"elementor-widget-container\">\n\t\t\t\t\t\t\t<div class=\"elementor-spacer\">\n\t\t\t<div class=\"elementor-spacer-inner\"><\/div>\n\t\t<\/div>\n\t\t\t\t\t\t<\/div>\n\t\t\t\t<\/div>\n\t\t\t\t<div class=\"elementor-element elementor-element-d8e0887 elementor-widget elementor-widget-spacer\" data-id=\"d8e0887\" data-element_type=\"widget\" data-e-type=\"widget\" data-widget_type=\"spacer.default\">\n\t\t\t\t<div class=\"elementor-widget-container\">\n\t\t\t\t\t\t\t<div class=\"elementor-spacer\">\n\t\t\t<div class=\"elementor-spacer-inner\"><\/div>\n\t\t<\/div>\n\t\t\t\t\t\t<\/div>\n\t\t\t\t<\/div>\n\t\t\t\t<div class=\"elementor-element elementor-element-67410f7 bar-title elementor-widget elementor-widget-heading\" data-id=\"67410f7\" data-element_type=\"widget\" data-e-type=\"widget\" data-widget_type=\"heading.default\">\n\t\t\t\t<div class=\"elementor-widget-container\">\n\t\t\t\t\t<h2 class=\"elementor-heading-title elementor-size-default\">The 6 dimensions of the \"Sem\u00e1foro\"<\/h2>\t\t\t\t<\/div>\n\t\t\t\t<\/div>\n\t\t\t\t<div class=\"elementor-element elementor-element-a29a20d elementor-hidden-tablet elementor-hidden-mobile elementor-widget elementor-widget-spacer\" data-id=\"a29a20d\" data-element_type=\"widget\" data-e-type=\"widget\" data-widget_type=\"spacer.default\">\n\t\t\t\t<div class=\"elementor-widget-container\">\n\t\t\t\t\t\t\t<div class=\"elementor-spacer\">\n\t\t\t<div class=\"elementor-spacer-inner\"><\/div>\n\t\t<\/div>\n\t\t\t\t\t\t<\/div>\n\t\t\t\t<\/div>\n\t\t<div class=\"elementor-element elementor-element-c159e0e e-con-full e-flex e-con e-child\" data-id=\"c159e0e\" data-element_type=\"container\" data-e-type=\"container\">\n\t\t<div class=\"elementor-element elementor-element-93447c3 e-grid e-con-full e-con e-child\" data-id=\"93447c3\" data-element_type=\"container\" data-e-type=\"container\">\n\t\t\t\t<div class=\"elementor-element elementor-element-781707b elementor-view-default elementor-position-block-start elementor-mobile-position-block-start elementor-widget elementor-widget-icon-box\" data-id=\"781707b\" data-element_type=\"widget\" data-e-type=\"widget\" data-widget_type=\"icon-box.default\">\n\t\t\t\t<div class=\"elementor-widget-container\">\n\t\t\t\t\t\t\t<div class=\"elementor-icon-box-wrapper\">\n\n\t\t\t\t\t\t<div class=\"elementor-icon-box-icon\">\n\t\t\t\t<span  class=\"elementor-icon\">\n\t\t\t\t<i aria-hidden=\"true\" class=\"STEP_ STEP_Homem\"><\/i>\t\t\t\t<\/span>\n\t\t\t<\/div>\n\t\t\t\n\t\t\t\t\t\t<div class=\"elementor-icon-box-content\">\n\n\t\t\t\t\t\t\t\t\t<p class=\"elementor-icon-box-title\">\n\t\t\t\t\t\t<span  >\n\t\t\t\t\t\t\tIncome and employment\t\t\t\t\t\t<\/span>\n\t\t\t\t\t<\/p>\n\t\t\t\t\n\t\t\t\t\n\t\t\t<\/div>\n\t\t\t\n\t\t<\/div>\n\t\t\t\t\t\t<\/div>\n\t\t\t\t<\/div>\n\t\t\t\t<div class=\"elementor-element elementor-element-5f255fa elementor-view-default elementor-position-block-start elementor-mobile-position-block-start elementor-widget elementor-widget-icon-box\" data-id=\"5f255fa\" data-element_type=\"widget\" data-e-type=\"widget\" data-widget_type=\"icon-box.default\">\n\t\t\t\t<div class=\"elementor-widget-container\">\n\t\t\t\t\t\t\t<div class=\"elementor-icon-box-wrapper\">\n\n\t\t\t\t\t\t<div class=\"elementor-icon-box-icon\">\n\t\t\t\t<span  class=\"elementor-icon\">\n\t\t\t\t<i aria-hidden=\"true\" class=\"STEP_ STEP_Coracao\"><\/i>\t\t\t\t<\/span>\n\t\t\t<\/div>\n\t\t\t\n\t\t\t\t\t\t<div class=\"elementor-icon-box-content\">\n\n\t\t\t\t\t\t\t\t\t<p class=\"elementor-icon-box-title\">\n\t\t\t\t\t\t<span  >\n\t\t\t\t\t\t\tHealth and well-being\t\t\t\t\t\t<\/span>\n\t\t\t\t\t<\/p>\n\t\t\t\t\n\t\t\t\t\n\t\t\t<\/div>\n\t\t\t\n\t\t<\/div>\n\t\t\t\t\t\t<\/div>\n\t\t\t\t<\/div>\n\t\t\t\t<div class=\"elementor-element elementor-element-4956569 elementor-view-default elementor-position-block-start elementor-mobile-position-block-start elementor-widget elementor-widget-icon-box\" data-id=\"4956569\" data-element_type=\"widget\" data-e-type=\"widget\" data-widget_type=\"icon-box.default\">\n\t\t\t\t<div class=\"elementor-widget-container\">\n\t\t\t\t\t\t\t<div class=\"elementor-icon-box-wrapper\">\n\n\t\t\t\t\t\t<div class=\"elementor-icon-box-icon\">\n\t\t\t\t<span  class=\"elementor-icon\">\n\t\t\t\t<i aria-hidden=\"true\" class=\"STEP_ STEP_Edificio-alto\"><\/i>\t\t\t\t<\/span>\n\t\t\t<\/div>\n\t\t\t\n\t\t\t\t\t\t<div class=\"elementor-icon-box-content\">\n\n\t\t\t\t\t\t\t\t\t<p class=\"elementor-icon-box-title\">\n\t\t\t\t\t\t<span  >\n\t\t\t\t\t\t\tHousing\t\t\t\t\t\t<\/span>\n\t\t\t\t\t<\/p>\n\t\t\t\t\n\t\t\t\t\n\t\t\t<\/div>\n\t\t\t\n\t\t<\/div>\n\t\t\t\t\t\t<\/div>\n\t\t\t\t<\/div>\n\t\t\t\t<div class=\"elementor-element elementor-element-873bbc6 elementor-view-default elementor-position-block-start elementor-mobile-position-block-start elementor-widget elementor-widget-icon-box\" data-id=\"873bbc6\" data-element_type=\"widget\" data-e-type=\"widget\" data-widget_type=\"icon-box.default\">\n\t\t\t\t<div class=\"elementor-widget-container\">\n\t\t\t\t\t\t\t<div class=\"elementor-icon-box-wrapper\">\n\n\t\t\t\t\t\t<div class=\"elementor-icon-box-icon\">\n\t\t\t\t<span  class=\"elementor-icon\">\n\t\t\t\t<i aria-hidden=\"true\" class=\"STEP_ STEP_Aprendizagem\"><\/i>\t\t\t\t<\/span>\n\t\t\t<\/div>\n\t\t\t\n\t\t\t\t\t\t<div class=\"elementor-icon-box-content\">\n\n\t\t\t\t\t\t\t\t\t<p class=\"elementor-icon-box-title\">\n\t\t\t\t\t\t<span  >\n\t\t\t\t\t\t\tEducation and culture\t\t\t\t\t\t<\/span>\n\t\t\t\t\t<\/p>\n\t\t\t\t\n\t\t\t\t\n\t\t\t<\/div>\n\t\t\t\n\t\t<\/div>\n\t\t\t\t\t\t<\/div>\n\t\t\t\t<\/div>\n\t\t\t\t<div class=\"elementor-element elementor-element-5d565ec elementor-view-default elementor-position-block-start elementor-mobile-position-block-start elementor-widget elementor-widget-icon-box\" data-id=\"5d565ec\" data-element_type=\"widget\" data-e-type=\"widget\" data-widget_type=\"icon-box.default\">\n\t\t\t\t<div class=\"elementor-widget-container\">\n\t\t\t\t\t\t\t<div class=\"elementor-icon-box-wrapper\">\n\n\t\t\t\t\t\t<div class=\"elementor-icon-box-icon\">\n\t\t\t\t<span  class=\"elementor-icon\">\n\t\t\t\t<i aria-hidden=\"true\" class=\"STEP_ STEP_Grupo-de-pessoas\"><\/i>\t\t\t\t<\/span>\n\t\t\t<\/div>\n\t\t\t\n\t\t\t\t\t\t<div class=\"elementor-icon-box-content\">\n\n\t\t\t\t\t\t\t\t\t<p class=\"elementor-icon-box-title\">\n\t\t\t\t\t\t<span  >\n\t\t\t\t\t\t\tOrganization and participation\t\t\t\t\t\t<\/span>\n\t\t\t\t\t<\/p>\n\t\t\t\t\n\t\t\t\t\n\t\t\t<\/div>\n\t\t\t\n\t\t<\/div>\n\t\t\t\t\t\t<\/div>\n\t\t\t\t<\/div>\n\t\t\t\t<div class=\"elementor-element elementor-element-659df1c elementor-view-default elementor-position-block-start elementor-mobile-position-block-start elementor-widget elementor-widget-icon-box\" data-id=\"659df1c\" data-element_type=\"widget\" data-e-type=\"widget\" data-widget_type=\"icon-box.default\">\n\t\t\t\t<div class=\"elementor-widget-container\">\n\t\t\t\t\t\t\t<div class=\"elementor-icon-box-wrapper\">\n\n\t\t\t\t\t\t<div class=\"elementor-icon-box-icon\">\n\t\t\t\t<span  class=\"elementor-icon\">\n\t\t\t\t<i aria-hidden=\"true\" class=\"STEP_ STEP_Subir-escadas\"><\/i>\t\t\t\t<\/span>\n\t\t\t<\/div>\n\t\t\t\n\t\t\t\t\t\t<div class=\"elementor-icon-box-content\">\n\n\t\t\t\t\t\t\t\t\t<p class=\"elementor-icon-box-title\">\n\t\t\t\t\t\t<span  >\n\t\t\t\t\t\t\tInteriority and motivation\t\t\t\t\t\t<\/span>\n\t\t\t\t\t<\/p>\n\t\t\t\t\n\t\t\t\t\n\t\t\t<\/div>\n\t\t\t\n\t\t<\/div>\n\t\t\t\t\t\t<\/div>\n\t\t\t\t<\/div>\n\t\t\t\t<\/div>\n\t\t\t\t<div class=\"elementor-element elementor-element-71cfb59 elementor-widget elementor-widget-text-editor\" data-id=\"71cfb59\" data-element_type=\"widget\" data-e-type=\"widget\" data-widget_type=\"text-editor.default\">\n\t\t\t\t<div class=\"elementor-widget-container\">\n\t\t\t\t\t\t\t\t\t<p>The initiative is confidential and aims to contribute to the well-being and happiness of our Stepers.<\/p><p>We believe that well-being and happiness are contagious and our relentless pursuit of promoting an excellent working environment is a source of inspiration for us and part of our original spirit, which we intend to keep active, boosting it with concrete actions that have a positive impact.<\/p><p><span class=\"ui-provider a b c d e f g h i j k l m n o p q r s t u v w x y z ab ac ae af ag ah ai aj ak\" dir=\"ltr\">Convinced that our contribution has a positive impact towards a more equitable society, we are driven by the enthusiasm to lead by example and inspire others to join us in this human movement.<\/span><\/p>\t\t\t\t\t\t\t\t<\/div>\n\t\t\t\t<\/div>\n\t\t\t\t<\/div>\n\t\t\t\t<div class=\"elementor-element elementor-element-c0d4e5c elementor-hidden-tablet elementor-hidden-mobile elementor-widget elementor-widget-spacer\" data-id=\"c0d4e5c\" data-element_type=\"widget\" data-e-type=\"widget\" data-widget_type=\"spacer.default\">\n\t\t\t\t<div class=\"elementor-widget-container\">\n\t\t\t\t\t\t\t<div class=\"elementor-spacer\">\n\t\t\t<div class=\"elementor-spacer-inner\"><\/div>\n\t\t<\/div>\n\t\t\t\t\t\t<\/div>\n\t\t\t\t<\/div>\n\t\t\t\t\t<\/div>\n\t\t\t\t<\/div>\n\t\t\t\t<\/div>","protected":false},"excerpt":{"rendered":"<p>Step Ahead Consulting, S. A.<\/p>","protected":false},"author":3,"featured_media":15096,"parent":3712,"menu_order":0,"comment_status":"closed","ping_status":"closed","template":"elementor_header_footer","meta":{"_acf_changed":false,"episode_type":"","audio_file":"","cover_image":"","cover_image_id":"","duration":"","filesize":"","date_recorded":"","explicit":"","block":"","filesize_raw":"","footnotes":""},"class_list":["post-3936","page","type-page","status-publish","has-post-thumbnail","hentry"],"acf":[],"yoast_head":"<!-- This site is optimized with the Yoast SEO plugin v27.5 - https:\/\/yoast.com\/product\/yoast-seo-wordpress\/ -->\n<title>Responsabilidade ambiental e social<\/title>\n<meta name=\"description\" content=\"Somos respons\u00e1veis ambiental e socialmente. Tecnologia que tem de fazer sentido em prol destas duas dimens\u00f5es. Descubra o nosso compromisso.\" \/>\n<meta name=\"robots\" content=\"index, follow, max-snippet:-1, max-image-preview:large, max-video-preview:-1\" \/>\n<link rel=\"canonical\" href=\"https:\/\/stepahead.pt\/en\/quem-somos\/responsabilidade-ambiental-e-social\/\" \/>\n<meta property=\"og:locale\" content=\"en_US\" \/>\n<meta property=\"og:type\" content=\"article\" \/>\n<meta property=\"og:title\" content=\"Responsabilidade ambiental e social\" \/>\n<meta property=\"og:description\" content=\"Somos respons\u00e1veis ambiental e socialmente. Tecnologia que tem de fazer sentido em prol destas duas dimens\u00f5es. Descubra o nosso compromisso.\" \/>\n<meta property=\"og:url\" content=\"https:\/\/stepahead.pt\/en\/quem-somos\/responsabilidade-ambiental-e-social\/\" \/>\n<meta property=\"og:site_name\" content=\"Step Ahead Consulting\" \/>\n<meta property=\"article:publisher\" content=\"https:\/\/www.facebook.com\/StepAheadConsultingPortugal\/\" \/>\n<meta property=\"article:modified_time\" content=\"2025-06-12T11:27:42+00:00\" \/>\n<meta property=\"og:image\" content=\"https:\/\/stepahead.pt\/wp-content\/uploads\/2024\/07\/Responsabilidade-socioambiental.jpg\" \/>\n\t<meta property=\"og:image:width\" content=\"3000\" \/>\n\t<meta property=\"og:image:height\" content=\"2000\" \/>\n\t<meta property=\"og:image:type\" content=\"image\/jpeg\" \/>\n<meta name=\"twitter:card\" content=\"summary_large_image\" \/>\n<meta name=\"twitter:site\" content=\"@StepAheadCons\" \/>\n<meta name=\"twitter:label1\" content=\"Est. reading time\" \/>\n\t<meta name=\"twitter:data1\" content=\"4 minutes\" \/>\n<script type=\"application\/ld+json\" class=\"yoast-schema-graph\">{\"@context\":\"https:\\\/\\\/schema.org\",\"@graph\":[{\"@type\":\"WebPage\",\"@id\":\"https:\\\/\\\/stepahead.pt\\\/quem-somos\\\/responsabilidade-ambiental-e-social\\\/\",\"url\":\"https:\\\/\\\/stepahead.pt\\\/quem-somos\\\/responsabilidade-ambiental-e-social\\\/\",\"name\":\"Responsabilidade ambiental e social\",\"isPartOf\":{\"@id\":\"https:\\\/\\\/stepahead.pt\\\/#website\"},\"primaryImageOfPage\":{\"@id\":\"https:\\\/\\\/stepahead.pt\\\/quem-somos\\\/responsabilidade-ambiental-e-social\\\/#primaryimage\"},\"image\":{\"@id\":\"https:\\\/\\\/stepahead.pt\\\/quem-somos\\\/responsabilidade-ambiental-e-social\\\/#primaryimage\"},\"thumbnailUrl\":\"https:\\\/\\\/stepahead.pt\\\/wp-content\\\/uploads\\\/2024\\\/07\\\/Responsabilidade-socioambiental.jpg\",\"datePublished\":\"2024-01-11T16:30:35+00:00\",\"dateModified\":\"2025-06-12T11:27:42+00:00\",\"description\":\"Somos respons\u00e1veis ambiental e socialmente. Tecnologia que tem de fazer sentido em prol destas duas dimens\u00f5es. Descubra o nosso compromisso.\",\"breadcrumb\":{\"@id\":\"https:\\\/\\\/stepahead.pt\\\/quem-somos\\\/responsabilidade-ambiental-e-social\\\/#breadcrumb\"},\"inLanguage\":\"en-US\",\"potentialAction\":[{\"@type\":\"ReadAction\",\"target\":[\"https:\\\/\\\/stepahead.pt\\\/quem-somos\\\/responsabilidade-ambiental-e-social\\\/\"]}]},{\"@type\":\"ImageObject\",\"inLanguage\":\"en-US\",\"@id\":\"https:\\\/\\\/stepahead.pt\\\/quem-somos\\\/responsabilidade-ambiental-e-social\\\/#primaryimage\",\"url\":\"https:\\\/\\\/stepahead.pt\\\/wp-content\\\/uploads\\\/2024\\\/07\\\/Responsabilidade-socioambiental.jpg\",\"contentUrl\":\"https:\\\/\\\/stepahead.pt\\\/wp-content\\\/uploads\\\/2024\\\/07\\\/Responsabilidade-socioambiental.jpg\",\"width\":3000,\"height\":2000},{\"@type\":\"BreadcrumbList\",\"@id\":\"https:\\\/\\\/stepahead.pt\\\/quem-somos\\\/responsabilidade-ambiental-e-social\\\/#breadcrumb\",\"itemListElement\":[{\"@type\":\"ListItem\",\"position\":1,\"name\":\"In\u00edcio\",\"item\":\"https:\\\/\\\/stepahead.pt\\\/\"},{\"@type\":\"ListItem\",\"position\":2,\"name\":\"Quem somos\",\"item\":\"https:\\\/\\\/stepahead.pt\\\/quem-somos\\\/\"},{\"@type\":\"ListItem\",\"position\":3,\"name\":\"Responsabilidade ambiental e social\"}]},{\"@type\":\"WebSite\",\"@id\":\"https:\\\/\\\/stepahead.pt\\\/#website\",\"url\":\"https:\\\/\\\/stepahead.pt\\\/\",\"name\":\"Step Ahead Consulting\",\"description\":\"\",\"publisher\":{\"@id\":\"https:\\\/\\\/stepahead.pt\\\/#organization\"},\"potentialAction\":[{\"@type\":\"SearchAction\",\"target\":{\"@type\":\"EntryPoint\",\"urlTemplate\":\"https:\\\/\\\/stepahead.pt\\\/?s={search_term_string}\"},\"query-input\":{\"@type\":\"PropertyValueSpecification\",\"valueRequired\":true,\"valueName\":\"search_term_string\"}}],\"inLanguage\":\"en-US\"},{\"@type\":\"Organization\",\"@id\":\"https:\\\/\\\/stepahead.pt\\\/#organization\",\"name\":\"Step Ahead Consulting\",\"url\":\"https:\\\/\\\/stepahead.pt\\\/\",\"logo\":{\"@type\":\"ImageObject\",\"inLanguage\":\"en-US\",\"@id\":\"https:\\\/\\\/stepahead.pt\\\/#\\\/schema\\\/logo\\\/image\\\/\",\"url\":\"https:\\\/\\\/stepahead.pt\\\/wp-content\\\/uploads\\\/2021\\\/09\\\/sac-favicon.svg\",\"contentUrl\":\"https:\\\/\\\/stepahead.pt\\\/wp-content\\\/uploads\\\/2021\\\/09\\\/sac-favicon.svg\",\"width\":1754,\"height\":1754,\"caption\":\"Step Ahead Consulting\"},\"image\":{\"@id\":\"https:\\\/\\\/stepahead.pt\\\/#\\\/schema\\\/logo\\\/image\\\/\"},\"sameAs\":[\"https:\\\/\\\/www.facebook.com\\\/StepAheadConsultingPortugal\\\/\",\"https:\\\/\\\/x.com\\\/StepAheadCons\",\"https:\\\/\\\/www.linkedin.com\\\/company\\\/step-ahead-consulting-sa\\\/mycompany\\\/\",\"https:\\\/\\\/www.instagram.com\\\/stepaheadconsulting\\\/\"]}]}<\/script>\n<!-- \/ Yoast SEO plugin. -->","yoast_head_json":{"title":"Environmental and social responsibility","description":"Somos respons\u00e1veis ambiental e socialmente. Tecnologia que tem de fazer sentido em prol destas duas dimens\u00f5es. Descubra o nosso compromisso.","robots":{"index":"index","follow":"follow","max-snippet":"max-snippet:-1","max-image-preview":"max-image-preview:large","max-video-preview":"max-video-preview:-1"},"canonical":"https:\/\/stepahead.pt\/en\/quem-somos\/responsabilidade-ambiental-e-social\/","og_locale":"en_US","og_type":"article","og_title":"Responsabilidade ambiental e social","og_description":"Somos respons\u00e1veis ambiental e socialmente. Tecnologia que tem de fazer sentido em prol destas duas dimens\u00f5es. Descubra o nosso compromisso.","og_url":"https:\/\/stepahead.pt\/en\/quem-somos\/responsabilidade-ambiental-e-social\/","og_site_name":"Step Ahead Consulting","article_publisher":"https:\/\/www.facebook.com\/StepAheadConsultingPortugal\/","article_modified_time":"2025-06-12T11:27:42+00:00","og_image":[{"width":3000,"height":2000,"url":"https:\/\/stepahead.pt\/wp-content\/uploads\/2024\/07\/Responsabilidade-socioambiental.jpg","type":"image\/jpeg"}],"twitter_card":"summary_large_image","twitter_site":"@StepAheadCons","twitter_misc":{"Est. reading time":"4 minutes"},"schema":{"@context":"https:\/\/schema.org","@graph":[{"@type":"WebPage","@id":"https:\/\/stepahead.pt\/quem-somos\/responsabilidade-ambiental-e-social\/","url":"https:\/\/stepahead.pt\/quem-somos\/responsabilidade-ambiental-e-social\/","name":"Environmental and social responsibility","isPartOf":{"@id":"https:\/\/stepahead.pt\/#website"},"primaryImageOfPage":{"@id":"https:\/\/stepahead.pt\/quem-somos\/responsabilidade-ambiental-e-social\/#primaryimage"},"image":{"@id":"https:\/\/stepahead.pt\/quem-somos\/responsabilidade-ambiental-e-social\/#primaryimage"},"thumbnailUrl":"https:\/\/stepahead.pt\/wp-content\/uploads\/2024\/07\/Responsabilidade-socioambiental.jpg","datePublished":"2024-01-11T16:30:35+00:00","dateModified":"2025-06-12T11:27:42+00:00","description":"Somos respons\u00e1veis ambiental e socialmente. Tecnologia que tem de fazer sentido em prol destas duas dimens\u00f5es. Descubra o nosso compromisso.","breadcrumb":{"@id":"https:\/\/stepahead.pt\/quem-somos\/responsabilidade-ambiental-e-social\/#breadcrumb"},"inLanguage":"en-US","potentialAction":[{"@type":"ReadAction","target":["https:\/\/stepahead.pt\/quem-somos\/responsabilidade-ambiental-e-social\/"]}]},{"@type":"ImageObject","inLanguage":"en-US","@id":"https:\/\/stepahead.pt\/quem-somos\/responsabilidade-ambiental-e-social\/#primaryimage","url":"https:\/\/stepahead.pt\/wp-content\/uploads\/2024\/07\/Responsabilidade-socioambiental.jpg","contentUrl":"https:\/\/stepahead.pt\/wp-content\/uploads\/2024\/07\/Responsabilidade-socioambiental.jpg","width":3000,"height":2000},{"@type":"BreadcrumbList","@id":"https:\/\/stepahead.pt\/quem-somos\/responsabilidade-ambiental-e-social\/#breadcrumb","itemListElement":[{"@type":"ListItem","position":1,"name":"In\u00edcio","item":"https:\/\/stepahead.pt\/"},{"@type":"ListItem","position":2,"name":"Quem somos","item":"https:\/\/stepahead.pt\/quem-somos\/"},{"@type":"ListItem","position":3,"name":"Responsabilidade ambiental e social"}]},{"@type":"WebSite","@id":"https:\/\/stepahead.pt\/#website","url":"https:\/\/stepahead.pt\/","name":"Step Ahead Consulting","description":"","publisher":{"@id":"https:\/\/stepahead.pt\/#organization"},"potentialAction":[{"@type":"SearchAction","target":{"@type":"EntryPoint","urlTemplate":"https:\/\/stepahead.pt\/?s={search_term_string}"},"query-input":{"@type":"PropertyValueSpecification","valueRequired":true,"valueName":"search_term_string"}}],"inLanguage":"en-US"},{"@type":"Organization","@id":"https:\/\/stepahead.pt\/#organization","name":"Step Ahead Consulting","url":"https:\/\/stepahead.pt\/","logo":{"@type":"ImageObject","inLanguage":"en-US","@id":"https:\/\/stepahead.pt\/#\/schema\/logo\/image\/","url":"https:\/\/stepahead.pt\/wp-content\/uploads\/2021\/09\/sac-favicon.svg","contentUrl":"https:\/\/stepahead.pt\/wp-content\/uploads\/2021\/09\/sac-favicon.svg","width":1754,"height":1754,"caption":"Step Ahead Consulting"},"image":{"@id":"https:\/\/stepahead.pt\/#\/schema\/logo\/image\/"},"sameAs":["https:\/\/www.facebook.com\/StepAheadConsultingPortugal\/","https:\/\/x.com\/StepAheadCons","https:\/\/www.linkedin.com\/company\/step-ahead-consulting-sa\/mycompany\/","https:\/\/www.instagram.com\/stepaheadconsulting\/"]}]}},"_links":{"self":[{"href":"https:\/\/stepahead.pt\/en\/wp-json\/wp\/v2\/pages\/3936","targetHints":{"allow":["GET"]}}],"collection":[{"href":"https:\/\/stepahead.pt\/en\/wp-json\/wp\/v2\/pages"}],"about":[{"href":"https:\/\/stepahead.pt\/en\/wp-json\/wp\/v2\/types\/page"}],"author":[{"embeddable":true,"href":"https:\/\/stepahead.pt\/en\/wp-json\/wp\/v2\/users\/3"}],"replies":[{"embeddable":true,"href":"https:\/\/stepahead.pt\/en\/wp-json\/wp\/v2\/comments?post=3936"}],"version-history":[{"count":12,"href":"https:\/\/stepahead.pt\/en\/wp-json\/wp\/v2\/pages\/3936\/revisions"}],"predecessor-version":[{"id":20162,"href":"https:\/\/stepahead.pt\/en\/wp-json\/wp\/v2\/pages\/3936\/revisions\/20162"}],"up":[{"embeddable":true,"href":"https:\/\/stepahead.pt\/en\/wp-json\/wp\/v2\/pages\/3712"}],"wp:featuredmedia":[{"embeddable":true,"href":"https:\/\/stepahead.pt\/en\/wp-json\/wp\/v2\/media\/15096"}],"wp:attachment":[{"href":"https:\/\/stepahead.pt\/en\/wp-json\/wp\/v2\/media?parent=3936"}],"curies":[{"name":"wp","href":"https:\/\/api.w.org\/{rel}","templated":true}]}}